{"id":21796,"date":"2020-03-03T03:59:06","date_gmt":"2020-03-03T02:59:06","guid":{"rendered":"https:\/\/neocatechumenaleiter.org\/slowa-papiezy\/sw-jan-pawel-ii\/wizytacja-w-parafii-sw-hipolita-12-2-1984\/"},"modified":"2021-04-15T16:09:56","modified_gmt":"2021-04-15T15:09:56","slug":"wizytacja-w-parafii-sw-hipolita-12-2-1984","status":"publish","type":"page","link":"https:\/\/neocatechumenaleiter.org\/pl\/slowa-papiezy\/sw-jan-pawel-ii\/wizytacja-w-parafii-sw-hipolita-12-2-1984\/","title":{"rendered":"WIZYTACJA W PARAFII \u015aW. HIPOLITA 12-2-1984"},"content":{"rendered":"\n<h1 class=\"has-text-align-center wp-block-heading\">WIZYTACJA W PARAFII \u015aW. HIPOLITA 12-2-1984<\/h1>\n\n<div style=\"height:20px\" aria-hidden=\"true\" class=\"wp-block-spacer\"><\/div>\n\n<h4 class=\"has-text-align-center wp-block-heading\">\u015aw. Jan Pawe\u0142 II<\/h4>\n\n<div style=\"height:20px\" aria-hidden=\"true\" class=\"wp-block-spacer\"><\/div>\n\n<div class=\"wp-block-image\"><figure class=\"alignleft size-medium\"><img loading=\"lazy\" decoding=\"async\" width=\"243\" height=\"300\" src=\"https:\/\/neocatechumenaleiter.org\/wp-content\/uploads\/2020\/03\/Camino_Neocatecumenal_Juan_Pablo_II_visita_parroquia_San_Hipolito_2984-243x300.jpg\" alt=\"\" class=\"wp-image-1794\" srcset=\"https:\/\/neocatechumenaleiter.org\/wp-content\/uploads\/2020\/03\/Camino_Neocatecumenal_Juan_Pablo_II_visita_parroquia_San_Hipolito_2984-243x300.jpg 243w, https:\/\/neocatechumenaleiter.org\/wp-content\/uploads\/2020\/03\/Camino_Neocatecumenal_Juan_Pablo_II_visita_parroquia_San_Hipolito_2984.jpg 573w\" sizes=\"auto, (max-width: 243px) 100vw, 243px\" \/><\/figure><\/div>\n\n<p><strong>Rzym, 12 lutego 1984 r.<\/strong><\/p>\n\n<p><em>Znacz\u0105ce sta\u0142o si\u0119 ko\u0144cowe spotkanie ze wsp\u00f3lnotami neokatechumenalnymi, kt\u00f3re prosi\u0142y Ojca \u015bwi\u0119tego o b\u0142ogos\u0142awie\u0144stwo dla katechist\u00f3w w\u0119drownych odje\u017cd\u017caj\u0105cych do Turcji. O. Maurilio przedstawi\u0142 Ojcu \u015bwi\u0119temu grupy doros\u0142ych zaanga\u017cowanych w \u017cycie parafii, podkre\u015blaj\u0105c cechy charakterystyczne ka\u017cdej z nich, zatrzymuj\u0105c si\u0119 szczeg\u00f3lnie przy grupach skaut\u00f3w i wsp\u00f3lnotach neokatechumenalnych, kt\u00f3re ju\u017c od roku 1973 reprezentuj\u0105 konkretn\u0105 propozycj\u0119 ci\u0105g\u0142ej katechezy dla doros\u0142ych i kt\u00f3re mia\u0142y przywilej otrzyma\u0107 b\u0142ogos\u0142awie\u0144stwo Ojca \u015bwi\u0119tego dla swoich trzech katechist\u00f3w w\u0119drownych wyje\u017cd\u017caj\u0105cych do Turcji (kap\u0142an i para ma\u0142\u017ce\u0144ska). W\u0142a\u015bnie odwo\u0142uj\u0105c si\u0119 do tego zadania, kt\u00f3re podejmuj\u0105 katechi\u015bci, by sta\u0107 si\u0119 zaczynem<\/em> poruszaj\u0105cym<em> wsp\u00f3lnot\u0119, Ojciec \u015bwi\u0119ty powiedzia\u0142:<\/em><\/p>\n\n<p>\u00abChc\u0119 podzi\u0119kowa\u0107 za to spotkanie, kt\u00f3re zamyka wizyt\u0119 w waszej parafii, \u015bw. Hipolita. Pozdrawiam wszystkie grupy, jakie przedstawi\u0142 proboszcz. Pozdrawiam je i \u017cycz\u0119 ka\u017cdej, by znajdowa\u0142a coraz bardziej sw\u0105 to\u017csamo\u015b\u0107 chrze\u015bcija\u0144sk\u0105, w\u0142asny charyzmat. Poniewa\u017c tak jak maj\u0105 sw\u00f3j charyzmat rodzinny zakonne, na przyk\u0142ad rodzina franciszka\u0144ska, kapucyni z tej rodziny, tak te\u017c r\u00f3\u017cne grupy apostolatu \u015bwieckich maj\u0105 sw\u00f3j specyficzny charyzmat. \u017bycz\u0119 wam, by\u015bcie coraz bardziej t\u0119 wasz\u0105 to\u017csamo\u015b\u0107 i ten charyzmat grup aposto\u0142\u00f3w \u015bwieckich odnajdywali.&#013;\nParafia \u015bw. Hipolita jest parafi\u0105 wielk\u0105, liczn\u0105. Masa ludzi, ale tak\u017ce masa chrze\u015bcijan, poniewa\u017c my\u015bl\u0119, \u017ce du\u017ca cz\u0119\u015b\u0107 jej mieszka\u0144c\u00f3w jest ochrzczona.&#013;\nJezus powiedzia\u0142, \u017ce Ko\u015bci\u00f3\u0142, kr\u00f3lestwo Bo\u017ce, jest podobne do chleba: aby upiec chleb potrzebna jest masa ciasta, ale te\u017c zaczyn.&#013;\n<\/p>\n\n<p>Oto jestem przekonany, \u017ce wszystkie te grupy, charyzmatyczna, neokatechumenalna, s\u0105 zaczynem daj\u0105cym wzrost ludzki i chrze\u015bcija\u0144ski masie parafii. Zaczyn powinien przenika\u0107 mas\u0119 coraz bardziej, by stawa\u0142a si\u0119 ona coraz bardziej chrze\u015bcija\u0144ska, by by\u0142a coraz bardziej \u015bwiadoma swego bytu chrze\u015bcija\u0144skiego, bardziej odpowiedzialna za sw\u00f3j charakter chrze\u015bcija\u0144ski, za swoj\u0105 chrze\u015bcija\u0144sk\u0105 to\u017csamo\u015b\u0107.&#013;\nWasz patron, \u015bw. Hipolit, zosta\u0142 m\u0119czennikiem. M\u0119czennikiem, to znaczy \u015bwiadkiem. Tak\u017ce chrze\u015bcijanie powinni by\u0107 \u015bwiadkami Chrystusa, Jego krzy\u017ca, Jego zmartwychwstania, Jego wiary, nadziei i mi\u0142o\u015bci. Oto czym jest zaczyn. I jest rzecz\u0105 pi\u0119kn\u0105, gdy ten zaczyn chce si\u0119 rozprzestrzenia\u0107 poza granice w\u0142asnej parafii, a\u017c do Turcji, jak mi m\u00f3wicie, by nie\u015b\u0107 zaczyn Ewangelii tak\u017ce do niechrze\u015bcijan, do miejsc troch\u0119 nieprzychylnych, kt\u00f3re zamykaj\u0105 si\u0119 na or\u0119dzie ewangeliczne. Chc\u0105 tam i\u015b\u0107 niekt\u00f3rzy wasi bracia, by sta\u0107 si\u0119 zaczynem w tych masach, a\u017c ca\u0142a ludzko\u015b\u0107 zostanie dosi\u0119gni\u0119ta przez zaczyn Ewangelii, by sta\u0107 si\u0119 kr\u00f3lestwem Bo\u017cym.<\/p>\n\n<p>\u017bycz\u0119 wam wszystkim, zw\u0142aszcza wam, neokatechumenom, by\u015bcie przemierzali t\u0119 drog\u0119 z wielk\u0105 rado\u015bci\u0105 i z wielk\u0105 odpowiedzialno\u015bci\u0105, pr\u00f3buj\u0105c zawsze powi\u0119ksza\u0107, poszerza\u0107 przestrzenie mi\u0142o\u015bci Chrystusa, Naszego Pana i Odkupiciela; poszerza\u0107 przestrze\u0144 kr\u00f3lestwa Bo\u017cego, kt\u00f3re swoje korzenie ma na tym \u015bwiecie, w kierunku wieczno\u015bci, w kierunku domu Ojca; i \u017cycz\u0119 wszystkim wzrastania w kr\u00f3lestwie Bo\u017cym, kt\u00f3re jednocze\u015bnie jest wewn\u0105trz nas, w sercu ka\u017cdego z nas i Chrystusa, i kt\u00f3re ma sw\u00f3j wymiar zewn\u0119trzny w rodzinie. Jeste\u015bcie cz\u0119\u015bci\u0105 kr\u00f3lestwa Bo\u017cego, tak\u017ce parafii \u015bw. Hipolita. \u017bycz\u0119 wam, by\u015bcie \u017cyli rado\u015bci\u0105 chrze\u015bcija\u0144sk\u0105, odpowiedzialno\u015bci\u0105 chrze\u015bcija\u0144sk\u0105, wiar\u0105, nadziej\u0105 i mi\u0142o\u015bci\u0105, kt\u00f3re w tym \u015bwiecie antycypuj\u0105 \u017cycie Bo\u017ce\u00bb.<\/p>\n","protected":false},"excerpt":{"rendered":"<p>WIZYTACJA W PARAFII \u015aW. HIPOLITA 12-2-1984 \u015aw. Jan Pawe\u0142 II Rzym, 12 lutego 1984 r. Znacz\u0105ce sta\u0142o si\u0119 ko\u0144cowe spotkanie ze wsp\u00f3lnotami neokatechumenalnymi, kt\u00f3re prosi\u0142y Ojca \u015bwi\u0119tego o b\u0142ogos\u0142awie\u0144stwo dla katechist\u00f3w w\u0119drownych odje\u017cd\u017caj\u0105cych do Turcji. O. Maurilio przedstawi\u0142 Ojcu \u015bwi\u0119temu grupy doros\u0142ych zaanga\u017cowanych w \u017cycie parafii, podkre\u015blaj\u0105c cechy charakterystyczne ka\u017cdej z nich, zatrzymuj\u0105c si\u0119 szczeg\u00f3lnie przy grupach skaut\u00f3w i wsp\u00f3lnotach neokatechumenalnych, kt\u00f3re ju\u017c od roku 1973 reprezentuj\u0105 konkretn\u0105 propozycj\u0119 ci\u0105g\u0142ej<\/p>\n<div class=\"read-more\"><a class=\"btn read-more-btn\" href=\"https:\/\/neocatechumenaleiter.org\/pl\/slowa-papiezy\/sw-jan-pawel-ii\/wizytacja-w-parafii-sw-hipolita-12-2-1984\/\">Czytaj dalej<\/a><\/div>\n","protected":false},"author":2,"featured_media":0,"parent":16496,"menu_order":25,"comment_status":"closed","ping_status":"closed","template":"","meta":{"footnotes":""},"class_list":["post-21796","page","type-page","status-publish","hentry"],"_links":{"self":[{"href":"https:\/\/neocatechumenaleiter.org\/pl\/wp-json\/wp\/v2\/pages\/21796","targetHints":{"allow":["GET"]}}],"collection":[{"href":"https:\/\/neocatechumenaleiter.org\/pl\/wp-json\/wp\/v2\/pages"}],"about":[{"href":"https:\/\/neocatechumenaleiter.org\/pl\/wp-json\/wp\/v2\/types\/page"}],"author":[{"embeddable":true,"href":"https:\/\/neocatechumenaleiter.org\/pl\/wp-json\/wp\/v2\/users\/2"}],"replies":[{"embeddable":true,"href":"https:\/\/neocatechumenaleiter.org\/pl\/wp-json\/wp\/v2\/comments?post=21796"}],"version-history":[{"count":3,"href":"https:\/\/neocatechumenaleiter.org\/pl\/wp-json\/wp\/v2\/pages\/21796\/revisions"}],"predecessor-version":[{"id":21799,"href":"https:\/\/neocatechumenaleiter.org\/pl\/wp-json\/wp\/v2\/pages\/21796\/revisions\/21799"}],"up":[{"embeddable":true,"href":"https:\/\/neocatechumenaleiter.org\/pl\/wp-json\/wp\/v2\/pages\/16496"}],"wp:attachment":[{"href":"https:\/\/neocatechumenaleiter.org\/pl\/wp-json\/wp\/v2\/media?parent=21796"}],"curies":[{"name":"wp","href":"https:\/\/api.w.org\/{rel}","templated":true}]}}